{"id":88,"date":"2019-11-11T17:27:00","date_gmt":"2019-11-11T17:27:00","guid":{"rendered":"https:\/\/unaicanela.com\/?page_id=88"},"modified":"2022-09-17T06:33:04","modified_gmt":"2022-09-17T06:33:04","slug":"about-me","status":"publish","type":"page","link":"https:\/\/unaicanela.com\/index.php\/about-me\/","title":{"rendered":"Sobre m\u00ed"},"content":{"rendered":"\n<p class=\"has-text-align-justify\">Nac\u00ed en Enero de 2004, en Castellar de&nbsp;n&#8217;Hug, un pueblo del Pirineo catal\u00e1n. Desde que tengo memoria, recuerdo tener el campo como segunda casa. Con seis a\u00f1os de edad, junto a mi padre, hicimos <em><strong>Looking for&nbsp;Fochas<\/strong><\/em>, una serie de v\u00eddeos y fotograf\u00edas sobre&nbsp;el lago de&nbsp;Banyoles y el Pirineo (principalmente). Una vez finalizado, sali\u00f3 tambi\u00e9n un libro.<\/p>\n\n\n\n<p class=\"has-text-align-justify\">Estudi\u00e9 en Banyoles hasta cuarto de primaria, que fue cuando mis padres decidieron emprender un largo viaje que durar\u00eda un poco m\u00e1s de un a\u00f1o. El prop\u00f3sito de este era que mi padre pudiera fotografiar un animal en peligro de extinci\u00f3n en cada continente, y mi madre creo un proyecto educativo en base de esta experiencia, junto con una &#8220;saga&#8221; de libros infantiles inspirados con estos animales. Al acabar el viaje, recogimos las fotograf\u00edas de mi padre, los textos de mi madre y alguna ilustraci\u00f3n m\u00eda en un libro de gran formato: <strong><em>La Llamada del Puma<\/em>.<\/strong> <\/p>\n\n\n\n<p class=\"has-text-align-justify\">M\u00e1s tarde sali\u00f3 la pel\u00edcula-documental <strong><em>El Viaje de Unai<\/em>,<\/strong> narrada por m\u00ed en tres idiomas  (escrib\u00ed tambi\u00e9n parte del gui\u00f3n), que ha sido proyectada en mas de quince pa\u00edses distintos, en numerosos festivales, candidata a los <em>Goya<\/em>, y cuenta con varios premios: Nature Track California, FICMA, FICCAT, DocsBarcelona, Fimec, Ocej\u00f3n&#8230; entre otros. Gracias a esta obra, durante los a\u00f1os hemos dado (juntos y por separado) muchas charlas y talleres, tanto en Espa\u00f1a como en otros pa\u00edses. Puedes alquilar la pel\u00edcula en <a href=\"https:\/\/player.vimeo.com\/video\/173441659\">Vimeo <\/a>a la carta.<\/p>\n\n\n\n<div class=\"wp-block-image\"><figure class=\"aligncenter size-large\"><img decoding=\"async\" loading=\"lazy\" width=\"1024\" height=\"682\" src=\"https:\/\/unaicanela.com\/wp-content\/uploads\/2022\/09\/IMG_7845-1024x682.jpg\" alt=\"\" class=\"wp-image-401\" srcset=\"https:\/\/unaicanela.com\/wp-content\/uploads\/2022\/09\/IMG_7845-1024x682.jpg 1024w, https:\/\/unaicanela.com\/wp-content\/uploads\/2022\/09\/IMG_7845-300x200.jpg 300w, https:\/\/unaicanela.com\/wp-content\/uploads\/2022\/09\/IMG_7845-150x100.jpg 150w, https:\/\/unaicanela.com\/wp-content\/uploads\/2022\/09\/IMG_7845-768x512.jpg 768w, https:\/\/unaicanela.com\/wp-content\/uploads\/2022\/09\/IMG_7845-1536x1023.jpg 1536w, https:\/\/unaicanela.com\/wp-content\/uploads\/2022\/09\/IMG_7845-2048x1364.jpg 2048w\" sizes=\"(max-width: 767px) 89vw, (max-width: 1000px) 54vw, (max-width: 1071px) 543px, 580px\" \/><figcaption>Buscando bueyes almizcleros en Groenl\u00e1ndia.<\/figcaption><\/figure><\/div>\n\n\n\n<p class=\"has-text-align-justify\"><br>Unos a\u00f1os despu\u00e9s, <em>Mediaset Espa\u00f1a <\/em>nos contact\u00f3 para hacer una &#8220;secuela&#8221; del largometraje en forma de serie televisiva, de la que, tras un a\u00f1o de trabajo, naci\u00f3 <em><strong>Esp\u00edritu Salvaje.<\/strong><\/em> Una serie de ocho episodios de cuarenta-y-cinco minutos, narrados (y en peque\u00f1a parte filmados) por m\u00ed. Se emiti\u00f3 a nivel nacional en el verano de 2017, en <em>primetime<\/em> en la cadena <em>Cuatro<\/em>. <\/p>\n\n\n\n<p class=\"has-text-align-justify\">Durante los a\u00f1os me han sido entregados algunos premios: <strong><em>El Sol de Oro del festival FICMA<\/em>, <em>Banyol\u00ed de l\u2019Any<\/em>&#8230; <\/strong>entre otros. <\/p>\n\n\n\n<p class=\"has-text-align-justify\">Fue poco despu\u00e9s, con doce a\u00f1os, cuando empec\u00e9 junto a mi padre un proyecto llamado <strong><em>Panteras<\/em>.<\/strong> La misi\u00f3n de este libro es encontrar y filmar\/fotografiar a ocho felinos, cinco de ellos de g\u00e9nero <em>panthera<\/em>, y documentar su vida, su h\u00e1bitat y su relaci\u00f3n con el hombre. De este proyecto naci\u00f3 un libro de gran formato (diciembre de 2019) con fotograf\u00edas de Andoni Canela y m\u00edas y unas treinta p\u00e1ginas de mis cuadernos de campo con ilustraciones y anotaciones.<\/p>\n\n\n\n<p class=\"has-text-align-justify\">M\u00e1s adelante, en octubre de 2021 se estren\u00f3 el largometraje <strong><em>Panteras<\/em><\/strong>, producido por Wanda Films. Una pel\u00edcula que recoge la aventura de cuatro a\u00f1os en la que Andoni Canela (mi padre) y yo recorremos el mundo en busca de los \u00faltimos grandes felinos. En este documental hice de c\u00e1mara, protagonista, narrador y m\u00fasico. Se estren\u00f3 en distintos festivales; SICS, AWFF, SUNCINE&#8230; Junto con Iv\u00e1n Caram\u00e9s Bohigas, surgi\u00f3 tambi\u00e9n el disco <em><strong>BSO Original de Panteras<\/strong><\/em> y sus respectivas canciones y videoclips (work in progress).<\/p>\n\n\n\n<p class=\"has-text-align-justify\">Paralelamente, durante la pandemia mundial del COVID-19, tuve la oportunidad de dirigir (adm\u00e1s de filmar, editar&#8230;) mi primer documental: <strong>Entre monta\u00f1as<\/strong>, producido por Wanda Films. Mientras dura la pandemia, paseo por las monta\u00f1as cerca de casa, descubriendo a los animales que habitan en ellas, la fuerza de los elementos y la emoci\u00f3n de sentirse conectado con la naturaleza. El largometraje se estren\u00f3 en el festival de San Sebasti\u00e1n. De nuevo, junto a Iv\u00e1n Cram\u00e9s, surgi\u00f3 un disco con la <strong>BSO de Entre Monta\u00f1as<\/strong>, donde contribu\u00ed con tres canciones.<\/p>\n\n\n\n<p class=\"has-text-align-justify\">Entremedio, he publicado fotos y textos en varios peri\u00f3dicos y revistas (papel y online), he hecho peque\u00f1os cortos, tambi\u00e9n proyectos como <strong><em>el<\/em> <em>Viaje de Omar<\/em><\/strong> (<em>con Save the Children<\/em>), he grabado y editando v\u00eddeos para particulares, trabajos de actor de voz&#8230; Aparte, acostumbro a dar ponencias en escuelas, ayuntamientos&#8230; sobre naturaleza, fotograf\u00eda y viajes, incluso he dado alg\u00fan concierto (entre otros proyectos personales y trabajos). Adem\u00e1s, en todos los viajes segu\u00eda un blog. <\/p>\n\n\n\n<p class=\"has-text-align-justify\">Ahora tengo varios proyectos audiovisuales entre manos que pr\u00f3ximamente saldr\u00e1n a la luz. Intento combinar mi pasi\u00f3n con mi trabajo y los estudios, a parte de hacer un poco de ejercicio y otras tonter\u00edas.<\/p>\n\n\n\n<div class=\"wp-block-image\"><figure class=\"aligncenter\"><img decoding=\"async\" loading=\"lazy\" width=\"1024\" height=\"682\" src=\"https:\/\/unaicanela.com\/wp-content\/uploads\/2019\/11\/56d43769-dc13-4b3b-a0e5-20f348c3bce8-1024x682.jpg\" alt=\"\" class=\"wp-image-89\" srcset=\"https:\/\/unaicanela.com\/wp-content\/uploads\/2019\/11\/56d43769-dc13-4b3b-a0e5-20f348c3bce8-1024x682.jpg 1024w, https:\/\/unaicanela.com\/wp-content\/uploads\/2019\/11\/56d43769-dc13-4b3b-a0e5-20f348c3bce8-300x200.jpg 300w, https:\/\/unaicanela.com\/wp-content\/uploads\/2019\/11\/56d43769-dc13-4b3b-a0e5-20f348c3bce8-768x512.jpg 768w, https:\/\/unaicanela.com\/wp-content\/uploads\/2019\/11\/56d43769-dc13-4b3b-a0e5-20f348c3bce8.jpg 1600w\" sizes=\"(max-width: 767px) 89vw, (max-width: 1000px) 54vw, (max-width: 1071px) 543px, 580px\" \/><figcaption>Con mis buenos amigos Jordi y Manolo en el techo del mundo; Himalaya.<\/figcaption><\/figure><\/div>\n","protected":false},"excerpt":{"rendered":"<p>Nac\u00ed en Enero de 2004, en Castellar de&nbsp;n&#8217;Hug, un pueblo del Pirineo catal\u00e1n. Desde que tengo memoria, recuerdo tener el campo como segunda casa. Con seis a\u00f1os de edad, junto a mi padre, hicimos Looking for&nbsp;Fochas, una serie de v\u00eddeos y fotograf\u00edas sobre&nbsp;el lago de&nbsp;Banyoles y el Pirineo (principalmente). Una vez finalizado, sali\u00f3 tambi\u00e9n un &hellip; <\/p>\n<p class=\"link-more\"><a href=\"https:\/\/unaicanela.com\/index.php\/about-me\/\" class=\"more-link\">Continuar leyendo<span class=\"screen-reader-text\"> &#8220;Sobre m\u00ed&#8221;<\/span><\/a><\/p>\n","protected":false},"author":1,"featured_media":0,"parent":0,"menu_order":0,"comment_status":"closed","ping_status":"closed","template":"","meta":{"footnotes":""},"yoast_head":"<!-- This site is optimized with the Yoast SEO plugin v20.13 - https:\/\/yoast.com\/wordpress\/plugins\/seo\/ -->\n<title>Sobre m\u00ed - Unai Canela<\/title>\n<meta name=\"robots\" content=\"index, follow, max-snippet:-1, max-image-preview:large, max-video-preview:-1\" \/>\n<link rel=\"canonical\" href=\"https:\/\/unaicanela.com\/index.php\/about-me\/\" \/>\n<meta property=\"og:locale\" content=\"es_ES\" \/>\n<meta property=\"og:type\" content=\"article\" \/>\n<meta property=\"og:title\" content=\"Sobre m\u00ed - Unai Canela\" \/>\n<meta property=\"og:description\" content=\"Nac\u00ed en Enero de 2004, en Castellar de&nbsp;n&#8217;Hug, un pueblo del Pirineo catal\u00e1n. Desde que tengo memoria, recuerdo tener el campo como segunda casa. Con seis a\u00f1os de edad, junto a mi padre, hicimos Looking for&nbsp;Fochas, una serie de v\u00eddeos y fotograf\u00edas sobre&nbsp;el lago de&nbsp;Banyoles y el Pirineo (principalmente). Una vez finalizado, sali\u00f3 tambi\u00e9n un &hellip; Continuar leyendo &quot;Sobre m\u00ed&quot;\" \/>\n<meta property=\"og:url\" content=\"https:\/\/unaicanela.com\/index.php\/about-me\/\" \/>\n<meta property=\"og:site_name\" content=\"Unai Canela\" \/>\n<meta property=\"article:modified_time\" content=\"2022-09-17T06:33:04+00:00\" \/>\n<meta property=\"og:image\" content=\"https:\/\/unaicanela.com\/wp-content\/uploads\/2022\/09\/IMG_7845-1024x682.jpg\" \/>\n<meta name=\"twitter:card\" content=\"summary_large_image\" \/>\n<meta name=\"twitter:label1\" content=\"Tiempo de lectura\" \/>\n\t<meta name=\"twitter:data1\" content=\"4 minutos\" \/>\n<script type=\"application\/ld+json\" class=\"yoast-schema-graph\">{\"@context\":\"https:\/\/schema.org\",\"@graph\":[{\"@type\":\"WebPage\",\"@id\":\"https:\/\/unaicanela.com\/index.php\/about-me\/\",\"url\":\"https:\/\/unaicanela.com\/index.php\/about-me\/\",\"name\":\"Sobre m\u00ed - Unai Canela\",\"isPartOf\":{\"@id\":\"https:\/\/unaicanela.com\/#website\"},\"datePublished\":\"2019-11-11T17:27:00+00:00\",\"dateModified\":\"2022-09-17T06:33:04+00:00\",\"breadcrumb\":{\"@id\":\"https:\/\/unaicanela.com\/index.php\/about-me\/#breadcrumb\"},\"inLanguage\":\"es\",\"potentialAction\":[{\"@type\":\"ReadAction\",\"target\":[\"https:\/\/unaicanela.com\/index.php\/about-me\/\"]}]},{\"@type\":\"BreadcrumbList\",\"@id\":\"https:\/\/unaicanela.com\/index.php\/about-me\/#breadcrumb\",\"itemListElement\":[{\"@type\":\"ListItem\",\"position\":1,\"name\":\"Portada\",\"item\":\"https:\/\/unaicanela.com\/\"},{\"@type\":\"ListItem\",\"position\":2,\"name\":\"Sobre m\u00ed\"}]},{\"@type\":\"WebSite\",\"@id\":\"https:\/\/unaicanela.com\/#website\",\"url\":\"https:\/\/unaicanela.com\/\",\"name\":\"Unai Canela\",\"description\":\"Looking for the wild\",\"potentialAction\":[{\"@type\":\"SearchAction\",\"target\":{\"@type\":\"EntryPoint\",\"urlTemplate\":\"https:\/\/unaicanela.com\/?s={search_term_string}\"},\"query-input\":\"required name=search_term_string\"}],\"inLanguage\":\"es\"}]}<\/script>\n<!-- \/ Yoast SEO plugin. -->","yoast_head_json":{"title":"Sobre m\u00ed - Unai Canela","robots":{"index":"index","follow":"follow","max-snippet":"max-snippet:-1","max-image-preview":"max-image-preview:large","max-video-preview":"max-video-preview:-1"},"canonical":"https:\/\/unaicanela.com\/index.php\/about-me\/","og_locale":"es_ES","og_type":"article","og_title":"Sobre m\u00ed - Unai Canela","og_description":"Nac\u00ed en Enero de 2004, en Castellar de&nbsp;n&#8217;Hug, un pueblo del Pirineo catal\u00e1n. Desde que tengo memoria, recuerdo tener el campo como segunda casa. Con seis a\u00f1os de edad, junto a mi padre, hicimos Looking for&nbsp;Fochas, una serie de v\u00eddeos y fotograf\u00edas sobre&nbsp;el lago de&nbsp;Banyoles y el Pirineo (principalmente). Una vez finalizado, sali\u00f3 tambi\u00e9n un &hellip; Continuar leyendo \"Sobre m\u00ed\"","og_url":"https:\/\/unaicanela.com\/index.php\/about-me\/","og_site_name":"Unai Canela","article_modified_time":"2022-09-17T06:33:04+00:00","og_image":[{"url":"https:\/\/unaicanela.com\/wp-content\/uploads\/2022\/09\/IMG_7845-1024x682.jpg"}],"twitter_card":"summary_large_image","twitter_misc":{"Tiempo de lectura":"4 minutos"},"schema":{"@context":"https:\/\/schema.org","@graph":[{"@type":"WebPage","@id":"https:\/\/unaicanela.com\/index.php\/about-me\/","url":"https:\/\/unaicanela.com\/index.php\/about-me\/","name":"Sobre m\u00ed - Unai Canela","isPartOf":{"@id":"https:\/\/unaicanela.com\/#website"},"datePublished":"2019-11-11T17:27:00+00:00","dateModified":"2022-09-17T06:33:04+00:00","breadcrumb":{"@id":"https:\/\/unaicanela.com\/index.php\/about-me\/#breadcrumb"},"inLanguage":"es","potentialAction":[{"@type":"ReadAction","target":["https:\/\/unaicanela.com\/index.php\/about-me\/"]}]},{"@type":"BreadcrumbList","@id":"https:\/\/unaicanela.com\/index.php\/about-me\/#breadcrumb","itemListElement":[{"@type":"ListItem","position":1,"name":"Portada","item":"https:\/\/unaicanela.com\/"},{"@type":"ListItem","position":2,"name":"Sobre m\u00ed"}]},{"@type":"WebSite","@id":"https:\/\/unaicanela.com\/#website","url":"https:\/\/unaicanela.com\/","name":"Unai Canela","description":"Looking for the wild","potentialAction":[{"@type":"SearchAction","target":{"@type":"EntryPoint","urlTemplate":"https:\/\/unaicanela.com\/?s={search_term_string}"},"query-input":"required name=search_term_string"}],"inLanguage":"es"}]}},"_links":{"self":[{"href":"https:\/\/unaicanela.com\/index.php\/wp-json\/wp\/v2\/pages\/88"}],"collection":[{"href":"https:\/\/unaicanela.com\/index.php\/wp-json\/wp\/v2\/pages"}],"about":[{"href":"https:\/\/unaicanela.com\/index.php\/wp-json\/wp\/v2\/types\/page"}],"author":[{"embeddable":true,"href":"https:\/\/unaicanela.com\/index.php\/wp-json\/wp\/v2\/users\/1"}],"replies":[{"embeddable":true,"href":"https:\/\/unaicanela.com\/index.php\/wp-json\/wp\/v2\/comments?post=88"}],"version-history":[{"count":32,"href":"https:\/\/unaicanela.com\/index.php\/wp-json\/wp\/v2\/pages\/88\/revisions"}],"predecessor-version":[{"id":403,"href":"https:\/\/unaicanela.com\/index.php\/wp-json\/wp\/v2\/pages\/88\/revisions\/403"}],"wp:attachment":[{"href":"https:\/\/unaicanela.com\/index.php\/wp-json\/wp\/v2\/media?parent=88"}],"curies":[{"name":"wp","href":"https:\/\/api.w.org\/{rel}","templated":true}]}}