{"id":80,"date":"2019-11-11T15:34:40","date_gmt":"2019-11-11T15:34:40","guid":{"rendered":"https:\/\/unaicanela.com\/?page_id=80"},"modified":"2024-11-06T07:11:29","modified_gmt":"2024-11-06T07:11:29","slug":"proyectos","status":"publish","type":"page","link":"https:\/\/unaicanela.com\/","title":{"rendered":"Proyectos destacados"},"content":{"rendered":"\n<p><a href=\"https:\/\/youtu.be\/_xtlPenhwQ4\">Alone in Greenland<\/a><\/p>\n\n\n\n<figure class=\"wp-block-embed is-type-video is-provider-youtube wp-block-embed-youtube wp-embed-aspect-16-9 wp-has-aspect-ratio\"><div class=\"wp-block-embed__wrapper\">\n<iframe loading=\"lazy\" title=\"Alone in Grennland - A documentary by Unai Canela\" width=\"525\" height=\"295\" src=\"https:\/\/www.youtube.com\/embed\/_xtlPenhwQ4?feature=oembed\" frameborder=\"0\" allow=\"accelerometer; autoplay; clipboard-write; encrypted-media; gyroscope; picture-in-picture; web-share\" referrerpolicy=\"strict-origin-when-cross-origin\" allowfullscreen><\/iframe>\n<\/div><figcaption class=\"wp-element-caption\"><em>Alone in Greenland<\/em> es un documental que narra mi tiempo en Groenlandia en busca de bueyes almizcleros y osos polares.<\/figcaption><\/figure>\n\n\n\n<p><a href=\"https:\/\/escasateva.catalunya.com\/racons-secrets-de-catalunya-amb-unai-canela\/\">Racons secrets de Catalunya<\/a><\/p>\n\n\n\n<figure class=\"wp-block-embed is-type-video is-provider-youtube wp-block-embed-youtube wp-embed-aspect-16-9 wp-has-aspect-ratio\"><div class=\"wp-block-embed__wrapper\">\n<iframe loading=\"lazy\" title=\"Racons secrets de Catalunya amb l&#039;Unai\" width=\"525\" height=\"295\" src=\"https:\/\/www.youtube.com\/embed\/8-RZJ1GdA9I?feature=oembed\" frameborder=\"0\" allow=\"accelerometer; autoplay; clipboard-write; encrypted-media; gyroscope; picture-in-picture; web-share\" referrerpolicy=\"strict-origin-when-cross-origin\" allowfullscreen><\/iframe>\n<\/div><figcaption class=\"wp-element-caption\"><em>Racons secrets de Catalunya<\/em> es una web-serie donde descubrimos cuatro parajes naturales de Catalu\u00f1a. En cada episodio me acompa\u00f1a un invitado distinto.<\/figcaption><\/figure>\n\n\n\n<p><a href=\"https:\/\/www.rtve.es\/play\/videos\/panteras\/\">Panteras, la serie<\/a><\/p>\n\n\n\n<figure class=\"wp-block-embed is-type-video is-provider-youtube wp-block-embed-youtube wp-embed-aspect-16-9 wp-has-aspect-ratio\"><div class=\"wp-block-embed__wrapper\">\n<iframe loading=\"lazy\" title=\"PANTERAS LA SERIE Trailer\" width=\"525\" height=\"295\" src=\"https:\/\/www.youtube.com\/embed\/76DUbBD4FOw?feature=oembed\" frameborder=\"0\" allow=\"accelerometer; autoplay; clipboard-write; encrypted-media; gyroscope; picture-in-picture; web-share\" referrerpolicy=\"strict-origin-when-cross-origin\" allowfullscreen><\/iframe>\n<\/div><figcaption class=\"wp-element-caption\"><em>Panteras, la serie <\/em>es la versi\u00f3n extendida de la pel\u00edcula <em>Panteras.<\/em> En ella buscamos ocho felinos, uno por episodio. Puedes ver toda la serie <a href=\"https:\/\/www.rtve.es\/play\/videos\/panteras\/\">aqu\u00ed<\/a>, en la web de RTVE.<\/figcaption><\/figure>\n\n\n\n<p><a href=\"https:\/\/www.suncinefest.com\/es\/barcelona\/film\/1279\/entre-montanas\">Entre monta\u00f1as<\/a><\/p>\n\n\n\n<figure class=\"wp-block-embed is-type-video is-provider-youtube wp-block-embed-youtube wp-embed-aspect-16-9 wp-has-aspect-ratio\"><div class=\"wp-block-embed__wrapper\">\n<iframe loading=\"lazy\" title=\"Entre monta\u00f1as - Una pel\u00edcula documental de Unai Canela\" width=\"525\" height=\"295\" src=\"https:\/\/www.youtube.com\/embed\/bRwXYITsyrs?feature=oembed\" frameborder=\"0\" allow=\"accelerometer; autoplay; clipboard-write; encrypted-media; gyroscope; picture-in-picture; web-share\" referrerpolicy=\"strict-origin-when-cross-origin\" allowfullscreen><\/iframe>\n<\/div><figcaption class=\"wp-element-caption\"><em>Entre monta\u00f1as<\/em> es un documental que narra mis d\u00edas de pandemia en los Pirineos. <a href=\"https:\/\/entremontanas.wandafilms.com\/\" target=\"_blank\" rel=\"noreferrer noopener\">Web de la pel\u00edcula y entradas.<\/a><\/figcaption><\/figure>\n\n\n\n<p><a href=\"https:\/\/open.spotify.com\/artist\/3yooqr72j6kUUyigtGBIWP?si=UnOm85qcT-CeSc8LrU3Ztw\" target=\"_blank\" rel=\"noreferrer noopener\">Spotify<\/a><\/p>\n\n\n\n<figure class=\"wp-block-embed is-type-rich is-provider-spotify wp-block-embed-spotify wp-embed-aspect-21-9 wp-has-aspect-ratio\"><div class=\"wp-block-embed__wrapper\">\n<iframe title=\"Spotify Embed: Canela Caram\u00e9s\" style=\"border-radius: 12px\" width=\"100%\" height=\"352\" frameborder=\"0\" allowfullscreen allow=\"autoplay; clipboard-write; encrypted-media; fullscreen; picture-in-picture\" loading=\"lazy\" src=\"https:\/\/open.spotify.com\/embed\/artist\/6tw9p26j0XKWqyIH1enaZf?utm_source=oembed\"><\/iframe>\n<\/div><\/figure>\n\n\n\n<p><a href=\"https:\/\/youtu.be\/u9khE839n7Y\">Snow leopard<\/a><\/p>\n\n\n\n<figure class=\"wp-block-embed is-type-video is-provider-youtube wp-block-embed-youtube wp-embed-aspect-16-9 wp-has-aspect-ratio\"><div class=\"wp-block-embed__wrapper\">\n<iframe loading=\"lazy\" title=\"Snow Leopard - Videoclip\" width=\"525\" height=\"295\" src=\"https:\/\/www.youtube.com\/embed\/UL7yJCZsMNs?feature=oembed\" frameborder=\"0\" allow=\"accelerometer; autoplay; clipboard-write; encrypted-media; gyroscope; picture-in-picture; web-share\" referrerpolicy=\"strict-origin-when-cross-origin\" allowfullscreen><\/iframe>\n<\/div><figcaption class=\"wp-element-caption\">Videoclip de<em> Snow Leopard<\/em>, una canci\u00f3n que forma parte de la banda sonora original de la pel\u00edcula <em>Panteras.<\/em><\/figcaption><\/figure>\n\n\n\n<p><a href=\"http:\/\/www.panteras.org\" target=\"_blank\" rel=\"noreferrer noopener\">Panteras<\/a><\/p>\n\n\n\n<figure class=\"wp-block-embed is-type-video is-provider-youtube wp-block-embed-youtube wp-embed-aspect-16-9 wp-has-aspect-ratio\"><div class=\"wp-block-embed__wrapper\">\n<iframe loading=\"lazy\" title=\"Tr\u00e1iler de &quot;Panteras&quot;\" width=\"525\" height=\"295\" src=\"https:\/\/www.youtube.com\/embed\/9rEe6tDHIzQ?feature=oembed\" frameborder=\"0\" allow=\"accelerometer; autoplay; clipboard-write; encrypted-media; gyroscope; picture-in-picture; web-share\" referrerpolicy=\"strict-origin-when-cross-origin\" allowfullscreen><\/iframe>\n<\/div><figcaption class=\"wp-element-caption\"><em>Panteras<\/em> es una pel\u00edcula que recoge la aventura de cuatro a\u00f1os en la que Andoni Canela (mi padre) y yo recorremos el mundo en busca de los \u00faltimos grandes felinos.<\/figcaption><\/figure>\n\n\n\n<p><a href=\"https:\/\/www.savethechildren.es\/elviajedeomar\" target=\"_blank\" rel=\"noreferrer noopener\">El Viaje de Omar<\/a><\/p>\n\n\n\n<figure class=\"wp-block-embed is-type-video is-provider-youtube wp-block-embed-youtube wp-embed-aspect-16-9 wp-has-aspect-ratio\"><div class=\"wp-block-embed__wrapper\">\n<iframe loading=\"lazy\" title=\"El viaje de Omar\" width=\"525\" height=\"295\" src=\"https:\/\/www.youtube.com\/embed\/GccbVpv9Byg?feature=oembed\" frameborder=\"0\" allow=\"accelerometer; autoplay; clipboard-write; encrypted-media; gyroscope; picture-in-picture; web-share\" referrerpolicy=\"strict-origin-when-cross-origin\" allowfullscreen><\/iframe>\n<\/div><figcaption class=\"wp-element-caption\"><em>El Viaje de Omar <\/em>consiste en un reportaje sobre los inmigrantes que se ven obligados a emprender largos y peligrosos viajes en patera desde las costas de Senegal. Haz clic <a href=\"https:\/\/www.ara.cat\/societat\/viatge-Omar_0_2064393564.html\" target=\"_blank\" rel=\"noreferrer noopener\">aqu\u00ed<\/a> para ver un art\u00edculo con mis fotos, o visita mi cuenta de Instagram.<\/figcaption><\/figure>\n\n\n\n<p><a href=\"https:\/\/www.cuatro.com\/espiritusalvaje\/\" target=\"_blank\" rel=\"noreferrer noopener\">Esp\u00edritu Salvaje<\/a><\/p>\n\n\n\n<figure class=\"wp-block-embed is-type-video is-provider-youtube wp-block-embed-youtube wp-embed-aspect-16-9 wp-has-aspect-ratio\"><div class=\"wp-block-embed__wrapper\">\n<iframe loading=\"lazy\" title=\"Esp\u00edritu Salvaje llega a #blimtv\" width=\"525\" height=\"295\" src=\"https:\/\/www.youtube.com\/embed\/60RkUI4tTZ4?feature=oembed\" frameborder=\"0\" allow=\"accelerometer; autoplay; clipboard-write; encrypted-media; gyroscope; picture-in-picture; web-share\" referrerpolicy=\"strict-origin-when-cross-origin\" allowfullscreen><\/iframe>\n<\/div><figcaption class=\"wp-element-caption\"><em>Esp\u00edritu Salvaje<\/em> es una serie de televisi\u00f3n, que nace a ra\u00edz del <em>Viaje de Unai<\/em>.  Esta vez viajamos a lugares distintos, con otros animales a los que fotografiar. Haz clic <a href=\"https:\/\/www.cuatro.com\/espiritusalvaje\/\" target=\"_blank\" rel=\"noreferrer noopener\">aqu\u00ed<\/a> ver m\u00e1s.<\/figcaption><\/figure>\n\n\n\n<p><a href=\"http:\/\/www.lookingforthewild.com\" target=\"_blank\" rel=\"noreferrer noopener\">El Viaje de Unai<\/a><\/p>\n\n\n\n<figure class=\"wp-block-embed is-type-video is-provider-youtube wp-block-embed-youtube wp-embed-aspect-16-9 wp-has-aspect-ratio\"><div class=\"wp-block-embed__wrapper\">\n<iframe loading=\"lazy\" title=\"EL VIAJE DE UNAI\" width=\"525\" height=\"295\" src=\"https:\/\/www.youtube.com\/embed\/xkKrfnPqvgk?feature=oembed\" frameborder=\"0\" allow=\"accelerometer; autoplay; clipboard-write; encrypted-media; gyroscope; picture-in-picture; web-share\" referrerpolicy=\"strict-origin-when-cross-origin\" allowfullscreen><\/iframe>\n<\/div><figcaption class=\"wp-element-caption\"><em>El Viaje de Unai<\/em> es una pel\u00edcula-documental que  trata sobre el viaje que hice con mis padres y mi hermana durante un a\u00f1o y medio. Durante un a\u00f1o y medio, dimos la vuelta al mundo con la misi\u00f3n de fotografiar especies en peligro de extinci\u00f3n.  Puedes alquilar la pel\u00edcula en <a href=\"https:\/\/player.vimeo.com\/video\/173441659\" target=\"_blank\" rel=\"noreferrer noopener\">Vimeo <\/a>a la carta.<\/figcaption><\/figure>\n\n\n\n<p><\/p>\n\n\n\n<p class=\"has-text-align-center\">M\u00c1S CONTENIDOS EN YOUTUBE,  INSTAGRAM, TWITTER Y VIMEO<\/p>\n\n\n\n<p><\/p>\n","protected":false},"excerpt":{"rendered":"<p>Alone in Greenland Racons secrets de Catalunya Panteras, la serie Entre monta\u00f1as Spotify Snow leopard Panteras El Viaje de Omar Esp\u00edritu Salvaje El Viaje de Unai M\u00c1S CONTENIDOS EN YOUTUBE, INSTAGRAM, TWITTER Y VIMEO<\/p>\n","protected":false},"author":1,"featured_media":0,"parent":0,"menu_order":0,"comment_status":"closed","ping_status":"closed","template":"","meta":{"footnotes":""},"yoast_head":"<!-- This site is optimized with the Yoast SEO plugin v20.13 - https:\/\/yoast.com\/wordpress\/plugins\/seo\/ -->\n<title>Proyectos destacados - Unai Canela<\/title>\n<meta name=\"robots\" content=\"index, follow, max-snippet:-1, max-image-preview:large, max-video-preview:-1\" \/>\n<link rel=\"canonical\" href=\"https:\/\/unaicanela.com\/\" \/>\n<meta property=\"og:locale\" content=\"es_ES\" \/>\n<meta property=\"og:type\" content=\"article\" \/>\n<meta property=\"og:title\" content=\"Proyectos destacados - Unai Canela\" \/>\n<meta property=\"og:description\" content=\"Alone in Greenland Racons secrets de Catalunya Panteras, la serie Entre monta\u00f1as Spotify Snow leopard Panteras El Viaje de Omar Esp\u00edritu Salvaje El Viaje de Unai M\u00c1S CONTENIDOS EN YOUTUBE, INSTAGRAM, TWITTER Y VIMEO\" \/>\n<meta property=\"og:url\" content=\"https:\/\/unaicanela.com\/\" \/>\n<meta property=\"og:site_name\" content=\"Unai Canela\" \/>\n<meta property=\"article:modified_time\" content=\"2024-11-06T07:11:29+00:00\" \/>\n<meta name=\"twitter:card\" content=\"summary_large_image\" \/>\n<meta name=\"twitter:label1\" content=\"Tiempo de lectura\" \/>\n\t<meta name=\"twitter:data1\" content=\"2 minutos\" \/>\n<script type=\"application\/ld+json\" class=\"yoast-schema-graph\">{\"@context\":\"https:\/\/schema.org\",\"@graph\":[{\"@type\":\"WebPage\",\"@id\":\"https:\/\/unaicanela.com\/\",\"url\":\"https:\/\/unaicanela.com\/\",\"name\":\"Proyectos destacados - Unai Canela\",\"isPartOf\":{\"@id\":\"https:\/\/unaicanela.com\/#website\"},\"datePublished\":\"2019-11-11T15:34:40+00:00\",\"dateModified\":\"2024-11-06T07:11:29+00:00\",\"breadcrumb\":{\"@id\":\"https:\/\/unaicanela.com\/#breadcrumb\"},\"inLanguage\":\"es\",\"potentialAction\":[{\"@type\":\"ReadAction\",\"target\":[\"https:\/\/unaicanela.com\/\"]}]},{\"@type\":\"BreadcrumbList\",\"@id\":\"https:\/\/unaicanela.com\/#breadcrumb\",\"itemListElement\":[{\"@type\":\"ListItem\",\"position\":1,\"name\":\"Portada\",\"item\":\"https:\/\/unaicanela.com\/\"},{\"@type\":\"ListItem\",\"position\":2,\"name\":\"Proyectos destacados\"}]},{\"@type\":\"WebSite\",\"@id\":\"https:\/\/unaicanela.com\/#website\",\"url\":\"https:\/\/unaicanela.com\/\",\"name\":\"Unai Canela\",\"description\":\"Looking for the wild\",\"potentialAction\":[{\"@type\":\"SearchAction\",\"target\":{\"@type\":\"EntryPoint\",\"urlTemplate\":\"https:\/\/unaicanela.com\/?s={search_term_string}\"},\"query-input\":\"required name=search_term_string\"}],\"inLanguage\":\"es\"}]}<\/script>\n<!-- \/ Yoast SEO plugin. -->","yoast_head_json":{"title":"Proyectos destacados - Unai Canela","robots":{"index":"index","follow":"follow","max-snippet":"max-snippet:-1","max-image-preview":"max-image-preview:large","max-video-preview":"max-video-preview:-1"},"canonical":"https:\/\/unaicanela.com\/","og_locale":"es_ES","og_type":"article","og_title":"Proyectos destacados - Unai Canela","og_description":"Alone in Greenland Racons secrets de Catalunya Panteras, la serie Entre monta\u00f1as Spotify Snow leopard Panteras El Viaje de Omar Esp\u00edritu Salvaje El Viaje de Unai M\u00c1S CONTENIDOS EN YOUTUBE, INSTAGRAM, TWITTER Y VIMEO","og_url":"https:\/\/unaicanela.com\/","og_site_name":"Unai Canela","article_modified_time":"2024-11-06T07:11:29+00:00","twitter_card":"summary_large_image","twitter_misc":{"Tiempo de lectura":"2 minutos"},"schema":{"@context":"https:\/\/schema.org","@graph":[{"@type":"WebPage","@id":"https:\/\/unaicanela.com\/","url":"https:\/\/unaicanela.com\/","name":"Proyectos destacados - Unai Canela","isPartOf":{"@id":"https:\/\/unaicanela.com\/#website"},"datePublished":"2019-11-11T15:34:40+00:00","dateModified":"2024-11-06T07:11:29+00:00","breadcrumb":{"@id":"https:\/\/unaicanela.com\/#breadcrumb"},"inLanguage":"es","potentialAction":[{"@type":"ReadAction","target":["https:\/\/unaicanela.com\/"]}]},{"@type":"BreadcrumbList","@id":"https:\/\/unaicanela.com\/#breadcrumb","itemListElement":[{"@type":"ListItem","position":1,"name":"Portada","item":"https:\/\/unaicanela.com\/"},{"@type":"ListItem","position":2,"name":"Proyectos destacados"}]},{"@type":"WebSite","@id":"https:\/\/unaicanela.com\/#website","url":"https:\/\/unaicanela.com\/","name":"Unai Canela","description":"Looking for the wild","potentialAction":[{"@type":"SearchAction","target":{"@type":"EntryPoint","urlTemplate":"https:\/\/unaicanela.com\/?s={search_term_string}"},"query-input":"required name=search_term_string"}],"inLanguage":"es"}]}},"_links":{"self":[{"href":"https:\/\/unaicanela.com\/index.php\/wp-json\/wp\/v2\/pages\/80"}],"collection":[{"href":"https:\/\/unaicanela.com\/index.php\/wp-json\/wp\/v2\/pages"}],"about":[{"href":"https:\/\/unaicanela.com\/index.php\/wp-json\/wp\/v2\/types\/page"}],"author":[{"embeddable":true,"href":"https:\/\/unaicanela.com\/index.php\/wp-json\/wp\/v2\/users\/1"}],"replies":[{"embeddable":true,"href":"https:\/\/unaicanela.com\/index.php\/wp-json\/wp\/v2\/comments?post=80"}],"version-history":[{"count":38,"href":"https:\/\/unaicanela.com\/index.php\/wp-json\/wp\/v2\/pages\/80\/revisions"}],"predecessor-version":[{"id":442,"href":"https:\/\/unaicanela.com\/index.php\/wp-json\/wp\/v2\/pages\/80\/revisions\/442"}],"wp:attachment":[{"href":"https:\/\/unaicanela.com\/index.php\/wp-json\/wp\/v2\/media?parent=80"}],"curies":[{"name":"wp","href":"https:\/\/api.w.org\/{rel}","templated":true}]}}